{"id":2619,"date":"2020-07-20T16:38:00","date_gmt":"2020-07-20T14:38:00","guid":{"rendered":"https:\/\/teenstreet.life\/eu\/?page_id=2619"},"modified":"2020-08-05T17:00:38","modified_gmt":"2020-08-05T15:00:38","slug":"sartlar","status":"publish","type":"page","link":"https:\/\/teenstreet.life\/eu\/tr\/terms\/","title":{"rendered":"Genel H\u00fck\u00fcm ve Ko\u015fullar (GTC)"},"content":{"rendered":"<p>A\u015fa\u011f\u0131daki ko\u015fullar web ma\u011fazam\u0131z i\u00e7in ge\u00e7erlidir.<\/p>\n\n\n\n<p><strong>\u00a7 1 Uygulama kapsam\u0131 ve de\u011fi\u015fiklik hakk\u0131n\u0131n sakl\u0131 tutulmas\u0131<\/strong><\/p>\n\n\n\n<p>a) Mobilizasyon Deutschland Harekat\u0131 e. V. sipari\u015fi, sipari\u015fin verildi\u011fi tarihteki ilgili ge\u00e7erli h\u00fck\u00fcm ve ko\u015fullara g\u00f6re ger\u00e7ekle\u015ftirecektir. AGB&#039;de de\u011fi\u015fiklik yapma hakk\u0131n\u0131 a\u00e7\u0131k\u00e7a sakl\u0131 tutuyoruz.<\/p>\n\n\n\n<p>b) \u00c7ak\u0131\u015fan \u00d6YK&#039;leri kabul edemeyiz.<\/p>\n\n\n\n<p><strong>\u00a7 <\/strong><strong>2 Teslimat, g\u00fcmr\u00fck vergileri ve nakliye masraflar\u0131<\/strong><\/p>\n\n\n\n<p>a) Sat\u0131n alma fiyat\u0131na ek olarak, 5,00 \u20ac sabit oranl\u0131 bir nakliye \u00fccreti al\u0131yoruz. 50 \u20ac de\u011ferindeki mallardan \u00fccretsiz olarak g\u00f6nderiyoruz.<\/p>\n\n\n\n<p>b) Yurtd\u0131\u015f\u0131 teslimatlarda fiili masraflar tahsil edilecektir. \u00d6zel ithalat ve g\u00fcmr\u00fck ko\u015fullar\u0131na m\u00fc\u015fteri taraf\u0131ndan uyulmal\u0131d\u0131r.<\/p>\n\n\n\n<p>K\u0131smi teslimat yapma hakk\u0131m\u0131z vard\u0131r.<\/p>\n\n\n\n<p><strong>\u00a7 <\/strong><strong>3 \u00d6deme ko\u015fullar\u0131<\/strong><\/p>\n\n\n\n<p>a) \u00d6deme, orta\u011f\u0131m\u0131z iZettle arac\u0131l\u0131\u011f\u0131yla kredi kart\u0131 veya Paypal ile yap\u0131l\u0131r. \u00d6deme ile birlikte sipari\u015f s\u00fcreci tamamlan\u0131r.<\/p>\n\n\n\n<p>b) Mahsup, d\u00f6n\u00fc\u015ft\u00fcrme veya indirime yaln\u0131zca talebinizin taraf\u0131m\u0131zca yaz\u0131l\u0131 olarak kabul edilmesi veya yasal olarak tespit edilmesi halinde izin verilir. Tutma hakk\u0131, yaln\u0131zca kar\u015f\u0131 talebiniz ayn\u0131 s\u00f6zle\u015fme ili\u015fkisine dayan\u0131yorsa mevcuttur.<\/p>\n\n\n\n<p>c) Teslim edilen mallar, mevcut t\u00fcm taleplerin tamam\u0131 \u00f6denene kadar m\u00fclkiyetimiz olarak kalacakt\u0131r (\u00a7455 BGB). Al\u0131c\u0131, teslim edilen mallar\u0131 d\u00fczenli ticari i\u015flemlerde m\u00fclkiyeti elinde bulundurarak yeniden satabilir, ancak fatura tutar\u0131m\u0131z\u0131n tutar\u0131na kadar hemen veya daha sonra hak kazand\u0131\u011f\u0131 t\u00fcm talepleri teminat olarak bize devreder.<\/p>\n\n\n\n<p><strong>\u00a7 <\/strong><strong>4 \u0130ptal hakk\u0131<\/strong><\/p>\n\n\n\n<p>a) Mallar\u0131 teslim ald\u0131ktan sonra 14 g\u00fcn i\u00e7inde sebep g\u00f6stermeksizin s\u00f6zle\u015fmeyi feshedebilirsiniz. \u0130ptalin zaman\u0131nda g\u00f6nderilmesi, son tarihin kar\u015f\u0131lanmas\u0131 i\u00e7in yeterlidir. Cayma hakk\u0131n\u0131z\u0131 kullanmak i\u00e7in bize mektup, faks veya e-posta yoluyla ula\u015fabilirsiniz: Operation Mobilization eV, Alte Neckarelzer Str. 2, 74821 Mosbach, Telefon: 06261-9470, Faks: 06261-947-147, E-Posta. Ekteki \u00f6rnek iptal formunu kullanabilirsiniz, ancak bu zorunlu de\u011fildir.<\/p>\n\n\n\n<p>\u0130ptalin sonu\u00e7lar\u0131:<\/p>\n\n\n\n<p>\u0130ade: Mallar\u0131 derhal ve her hal\u00fckarda bu s\u00f6zle\u015fmenin feshedildi\u011fini bize bildirdi\u011finiz g\u00fcnden itibaren en ge\u00e7 on d\u00f6rt g\u00fcn i\u00e7inde Mosbach&#039;ta bize iade etmelisiniz. 14 g\u00fcnl\u00fck s\u00fcre ge\u00e7tikten sonra yeni, kullan\u0131lmam\u0131\u015f durumda olmayan \u00fcr\u00fcnleri geri alamay\u0131z. \u00d6nemli derecede bozulma, a\u015f\u0131nma veya kay\u0131p olmas\u0131 durumunda, tazminat talep etme hakk\u0131m\u0131z\u0131 a\u00e7\u0131k\u00e7a sakl\u0131 tutar\u0131z.<\/p>\n\n\n\n<p>\u0130ade: Bu s\u00f6zle\u015fmeyi iptal etti\u011finize ili\u015fkin bildirimi ald\u0131\u011f\u0131m\u0131z g\u00fcnden itibaren en ge\u00e7 on d\u00f6rt g\u00fcn i\u00e7inde sat\u0131n alma fiyat\u0131n\u0131 derhal iade edece\u011fiz. Teslim edilen mallar sipari\u015f edilen mallarla uyu\u015fmad\u0131\u011f\u0131 s\u00fcrece, sipari\u015f de\u011feri 40 \u20ac&#039;nun alt\u0131nda olmas\u0131 durumunda iade masraflar\u0131n\u0131 geri \u00f6dememe hakk\u0131m\u0131z\u0131 a\u00e7\u0131k\u00e7a sakl\u0131 tutar\u0131z.<\/p>\n\n\n\n<p><strong>\u00a7 <\/strong><strong>5 Veri korumas\u0131<\/strong><\/p>\n\n\n\n<p>a)a) AB Veri Koruma Temel Y\u00f6netmeli\u011fi (DSGVO) ve Federal Veri Koruma Yasas\u0131 temelinde s\u00f6zle\u015fmeye dayal\u0131 ama\u00e7lar i\u00e7in sipari\u015f s\u00fcreci s\u0131ras\u0131nda bize sa\u011flanan ki\u015fisel verilerin saklanmas\u0131n\u0131, i\u015flenmesini ve kullan\u0131lmas\u0131n\u0131 a\u00e7\u0131k\u00e7a kabul edersiniz. (BDSG).<\/p>\n\n\n\n<p><strong>\u00a7 <\/strong><strong>6 \u00c7e\u015fitli<\/strong><\/p>\n\n\n\n<p>a) BM Sat\u0131\u015f S\u00f6zle\u015fmesinin hari\u00e7 tutulmas\u0131 durumunda Alman hukuku uygulanacakt\u0131r. Yarg\u0131 yeri yasal olarak izin verildi\u011fi s\u00fcrece Mosbach&#039;t\u0131r. Al\u0131c\u0131 bir t\u00fcccar ise, Operation Mobilization Deutschland e. V., kendisine i\u015fyerinde de dava a\u00e7abilir.<\/p>\n\n\n\n<p>b) S\u00f6zle\u015fmedeki de\u011fi\u015fiklikler ve bu yaz\u0131l\u0131 form maddesi de dahil olmak \u00fczere bu Genel H\u00fck\u00fcm ve Ko\u015fullardaki de\u011fi\u015fiklikler yaz\u0131l\u0131 olarak yap\u0131lmal\u0131d\u0131r. M\u00fcnferit h\u00fck\u00fcmlerin ge\u00e7ersizli\u011fi, s\u00f6zle\u015fmenin ve i\u015fbu GK\u015e&#039;nin kalan ge\u00e7erlili\u011fini etkilemez.<\/p>\n\n\n\n<p><strong>\u00a77 Anla\u015fmazl\u0131klar\u0131n tahkimi<\/strong><\/p>\n\n\n\n<p>AB Komisyonu, anla\u015fmazl\u0131klar\u0131n \u00e7evrimi\u00e7i \u00e7\u00f6z\u00fcm\u00fc i\u00e7in bir \u0130nternet platformu olu\u015fturmu\u015ftur. Platform, \u00e7evrimi\u00e7i sat\u0131n alma s\u00f6zle\u015fmelerinden kaynaklanan s\u00f6zle\u015fme y\u00fck\u00fcml\u00fcl\u00fcklerine ili\u015fkin anla\u015fmazl\u0131klar\u0131n mahkeme d\u0131\u015f\u0131 \u00e7\u00f6z\u00fcm\u00fc i\u00e7in bir ileti\u015fim noktas\u0131 g\u00f6revi g\u00f6r\u00fcr. Daha fazla bilgiye a\u015fa\u011f\u0131daki ba\u011flant\u0131dan ula\u015f\u0131labilir: http:\/\/ec.europa.eu\/consumers\/odr.<\/p>\n\n\n\n<p>Bir anla\u015fmazl\u0131k \u00e7\u00f6z\u00fcm prosed\u00fcr\u00fcne kat\u0131lmaya haz\u0131r\u0131z. Yetkili t\u00fcketici tahkim kurulu: Universalschlichtungsstelle des Bundes Zentrum f\u00fcr Schlichtung eV, Stra\u00dfburger Stra\u00dfe 8, 77694 Kehl am Rhein, www.verbraucher-schlichter.de.<\/p>\n\n\n\n<p>\u0130\u015fte para \u00e7ekme formu i\u00e7in \u015fablon:<\/p>\n\n\n\n<p><strong>\u00d6rnek iptal formu<\/strong><\/p>\n\n\n\n<p>(S\u00f6zle\u015fmeyi iptal etmek isterseniz l\u00fctfen bu formu doldurup bize geri g\u00f6nderin)<\/p>\n\n\n\n<p>\u0130le:<\/p>\n\n\n\n<p><strong>Operasyon Mobilizasyon eV <br>Alte Neckarelzer Cad. 2 <br>74821 Mosbach <br>Almanya<\/strong><\/p>\n\n\n\n<p>A\u015fa\u011f\u0131daki mal\/hizmetlerin sat\u0131n al\u0131nmas\u0131 i\u00e7in \u00e7evrimi\u00e7i olarak taraf\u0131m\u0131zdan\/bizim taraf\u0131m\u0131zdan akdedilen s\u00f6zle\u015fmeyi i\u015fbu belge ile feshediyorum\/kald\u0131r\u0131yorum<\/p>\n\n\n\n<p>Mal\/hizmet t\u00fcr\u00fc: ____________________________________<\/p>\n\n\n\n<p>Sipari\u015f numaras\u0131\/Sipari\u015f numaras\u0131: ______________________________<\/p>\n\n\n\n<p>Sipari\u015f tarihi: _______\/al\u0131m tarihi: _______<\/p>\n\n\n\n<p>T\u00fcketicinin\/t\u00fcketicilerin ad\u0131: ______________<\/p>\n\n\n\n<p>T\u00fcketicinin\/t\u00fcketicilerin adresi: _______________<\/p>\n\n\n\n<p>T\u00fcketicinin\/t\u00fcketicilerin imzas\u0131 ________________________________<\/p>\n\n\n\n<p>(sadece ka\u011f\u0131t \u00fczerinde bildirim olmas\u0131 durumunda)<\/p>\n\n\n\n<p>Ge\u00e7erli tarih:<\/p>","protected":false},"excerpt":{"rendered":"<p>The following terms apply to our web shop. \u00a7 1 Scope of application and reservation of right of amendment a) Operation Mobilisation Deutschland e. V. will execute the order according to the respective valid terms and conditions at the time of the order. We expressly reserve the right to make changes to the AGB. b) [&hellip;]<\/p>\n","protected":false},"author":1,"featured_media":0,"parent":0,"menu_order":0,"comment_status":"closed","ping_status":"closed","template":"","meta":{"iawp_total_views":11,"footnotes":""},"class_list":["post-2619","page","type-page","status-publish","hentry"],"_links":{"self":[{"href":"https:\/\/teenstreet.life\/eu\/tr\/wp-json\/wp\/v2\/pages\/2619","targetHints":{"allow":["GET"]}}],"collection":[{"href":"https:\/\/teenstreet.life\/eu\/tr\/wp-json\/wp\/v2\/pages"}],"about":[{"href":"https:\/\/teenstreet.life\/eu\/tr\/wp-json\/wp\/v2\/types\/page"}],"author":[{"embeddable":true,"href":"https:\/\/teenstreet.life\/eu\/tr\/wp-json\/wp\/v2\/users\/1"}],"replies":[{"embeddable":true,"href":"https:\/\/teenstreet.life\/eu\/tr\/wp-json\/wp\/v2\/comments?post=2619"}],"version-history":[{"count":0,"href":"https:\/\/teenstreet.life\/eu\/tr\/wp-json\/wp\/v2\/pages\/2619\/revisions"}],"wp:attachment":[{"href":"https:\/\/teenstreet.life\/eu\/tr\/wp-json\/wp\/v2\/media?parent=2619"}],"curies":[{"name":"wp","href":"https:\/\/api.w.org\/{rel}","templated":true}]}}